{"id":107,"date":"2016-02-29T11:59:30","date_gmt":"2016-02-29T11:59:30","guid":{"rendered":"http:\/\/www.agrup-st-jordi.cat\/es\/qui-ho-fa"},"modified":"2026-04-17T12:27:48","modified_gmt":"2026-04-17T11:27:48","slug":"quien-lo-hace","status":"publish","type":"page","link":"https:\/\/agrup-st-jordi.cat\/es\/quien-lo-hace","title":{"rendered":"\u00bfQui\u00e9n lo hace?"},"content":{"rendered":"<p>Los siguientes Vocales son los encargados de organizar las actividades que se indican.<br \/>\nSi no encuentras ninguna actividad que quieras hacer, puedes mostrar tu inter\u00e9s en organizarla, bien dirigi\u00e9ndote al Vocal, si lo hay, \u00a0o directamente a la Secretar\u00eda de la Agrupaci\u00f3n, por mail o tel\u00e9fono, proponi\u00e9ndola. <a href=\"mailto:secretaria@agrup-st-jordi.org\">secretaria@agrup-st-jordi.org<\/a><\/p>\n<h3>Vocal\u00edas<\/h3>\n<h4>Vocales de actividades<\/h4>\n<table class=\"table table-striped\">\n<tbody>\n<tr>\n<td valign=\"top\" width=\"323\">Actividades Subacuaticas<\/td>\n<td width=\"342\">Secretaria (licencias)<br \/>\n(vacante) (actividades)<\/td>\n<\/tr>\n<tr>\n<td valign=\"top\" width=\"323\">Ajedrez<\/td>\n<td width=\"342\">(vacante) &#8211; Secretar\u00eda<\/td>\n<\/tr>\n<tr>\n<td valign=\"top\" width=\"323\">Astronom\u00eda<\/td>\n<td width=\"342\">(vacante)<\/td>\n<\/tr>\n<tr>\n<td valign=\"top\" width=\"323\">Atletismo<\/td>\n<td width=\"342\">Eduard Morella i Piera<\/td>\n<\/tr>\n<tr>\n<td valign=\"top\" width=\"323\">Aventura<\/td>\n<td width=\"342\">Matilde Torres S\u00e1nchez<\/td>\n<\/tr>\n<tr>\n<td valign=\"top\" width=\"323\">Bailes de Sal\u00f3n<\/td>\n<td width=\"342\">(vacante)<\/td>\n<\/tr>\n<tr>\n<td valign=\"top\" width=\"323\">B\u00e1squet masculino<\/td>\n<td width=\"342\">(vacante)-Secretaria<\/td>\n<\/tr>\n<tr>\n<td valign=\"top\" width=\"323\">B\u00e1squet femenino<\/td>\n<td width=\"342\">(vacante)-Secretaria<\/td>\n<\/tr>\n<tr>\n<td valign=\"top\" width=\"323\">Bicicleta de carretera<\/td>\n<td width=\"342\">(vacante)<\/td>\n<\/tr>\n<tr>\n<td valign=\"top\" width=\"323\">Bicicleta de Monta\u00f1a<\/td>\n<td width=\"342\">(vacante)<\/td>\n<\/tr>\n<tr>\n<td valign=\"top\" width=\"323\">Billar<\/td>\n<td width=\"342\">(vacante)<\/td>\n<\/tr>\n<tr>\n<td valign=\"top\" width=\"323\">Butifarra<\/td>\n<td width=\"342\">Jaume Ayguad\u00e9 Calvis<\/td>\n<\/tr>\n<tr>\n<td valign=\"top\" width=\"323\">Coleccionismo de placas de cava<\/td>\n<td width=\"342\">(vacante)<\/td>\n<\/tr>\n<tr>\n<td valign=\"top\" width=\"323\">Dibujo y Pintura<\/td>\n<td width=\"342\">Concepci\u00f3 Villar i Pujadas<\/td>\n<\/tr>\n<tr>\n<td valign=\"top\" width=\"323\">Domino<\/td>\n<td width=\"342\">Secretar\u00eda<\/td>\n<\/tr>\n<tr>\n<td width=\"323\">Esqu\u00ed<\/td>\n<td width=\"342\">Carlos Kofler Gas<br \/>\nSecretar\u00eda (tr\u00e1mites Federaci\u00f3)<\/td>\n<\/tr>\n<tr>\n<td valign=\"top\" width=\"323\">Fotograf\u00eda<\/td>\n<td width=\"342\">Rogeli Gonz\u00e1lez Campo<\/td>\n<\/tr>\n<tr>\n<td valign=\"top\" width=\"323\">Frontennis<\/td>\n<td width=\"342\">(vacante)<\/td>\n<\/tr>\n<tr>\n<td valign=\"top\" width=\"323\">F\u00fatbol<\/td>\n<td width=\"342\">Carlos Kofler Gas<\/td>\n<\/tr>\n<tr>\n<td valign=\"top\" width=\"323\">F\u00fatbol Sala<\/td>\n<td width=\"342\">Carlos Kofler Gas<\/td>\n<\/tr>\n<tr>\n<td valign=\"top\" width=\"323\">F\u00fatbol Sala (seleccionador)<\/td>\n<td width=\"342\">Mart\u00ed Garcia Medialdea<\/td>\n<\/tr>\n<tr>\n<td valign=\"top\" width=\"323\">Futbol\u00edn<\/td>\n<td width=\"342\">(vacante)-Secretar\u00eda<\/td>\n<\/tr>\n<tr>\n<td valign=\"top\" width=\"323\">Golf<\/td>\n<td width=\"342\">Francesc Esparch Sureda<\/td>\n<\/tr>\n<tr>\n<td valign=\"top\" width=\"323\">Monta\u00f1a\/Esqu\u00ed de Monta\u00f1a\/Turismo Rural<\/td>\n<td width=\"342\">Jordi Monterde Jacas<\/td>\n<\/tr>\n<tr>\n<td valign=\"top\" width=\"323\">M\u00fasica &#8211; Liceu<\/td>\n<td width=\"342\">Antoni Guirao Plazas<\/td>\n<\/tr>\n<tr>\n<td valign=\"top\" width=\"323\">M\u00fasica &#8211; Palau de la M\u00fasica Catalana y Auditori<\/td>\n<td width=\"342\">Antoni Guirao Plazas<\/td>\n<\/tr>\n<tr>\n<td valign=\"top\" width=\"323\">Padel<\/td>\n<td width=\"342\">(vacante)<\/td>\n<\/tr>\n<tr>\n<td valign=\"top\" width=\"323\">Pesca<\/td>\n<td width=\"342\">Albert Salvador Lafuente<\/td>\n<\/tr>\n<tr>\n<td valign=\"top\" width=\"323\">Pitch &amp; Putt<\/td>\n<td width=\"342\">Nicolas Cortes Guerra<\/td>\n<\/tr>\n<tr>\n<td valign=\"top\" width=\"323\">Senior<\/td>\n<td width=\"342\">Josep Pesa Bordes<\/td>\n<\/tr>\n<tr>\n<td valign=\"top\" width=\"323\">Tenis<\/td>\n<td width=\"342\">(vacante)-Secretar\u00eda<\/td>\n<\/tr>\n<tr>\n<td valign=\"top\" width=\"323\">Tenis de Mesa<\/td>\n<td width=\"342\">(vacante)-Secretar\u00eda<\/td>\n<\/tr>\n<tr>\n<td valign=\"top\" width=\"323\">Tiro al Plato<\/td>\n<td width=\"342\">Antoni Cardiel Gelabert<\/td>\n<\/tr>\n<tr>\n<td valign=\"top\" width=\"323\">Viajes<\/td>\n<td width=\"342\">Albert Mestres Mart\u00ed<\/td>\n<\/tr>\n<\/tbody>\n<\/table>\n<h4>Vocales de comarcas<\/h4>\n<table class=\"table table-striped\">\n<tbody>\n<tr>\n<td width=\"323\">Alt Pened\u00e8s<\/td>\n<td width=\"342\">(vacante)-Secretar\u00eda<\/td>\n<\/tr>\n<tr>\n<td width=\"323\">Anoia<\/td>\n<td width=\"342\">(vacante)-Secretar\u00eda<\/td>\n<\/tr>\n<tr>\n<td width=\"323\">Bages<\/td>\n<td width=\"342\">(vacante)-Secretar\u00eda<\/td>\n<\/tr>\n<tr>\n<td width=\"323\">Baix Llobregat<\/td>\n<td width=\"342\">(vacante)-Secretar\u00eda<\/td>\n<\/tr>\n<tr>\n<td width=\"323\">Bergued\u00e0<\/td>\n<td width=\"342\">(vacante)-Secretar\u00eda<\/td>\n<\/tr>\n<tr>\n<td width=\"323\">Garraf<\/td>\n<td width=\"342\">(vacante)-Secretar\u00eda<\/td>\n<\/tr>\n<tr>\n<td width=\"323\">Maresme<\/td>\n<td width=\"342\">Jordi Tapias Colom\u00e9<\/td>\n<\/tr>\n<tr>\n<td width=\"323\">Osona<\/td>\n<td width=\"342\">(vacante)-Secretar\u00eda<\/td>\n<\/tr>\n<tr>\n<td width=\"323\">Vall\u00e8s Occidental<\/td>\n<td width=\"342\">(vacante)-Secretaria<\/td>\n<\/tr>\n<tr>\n<td width=\"323\">Vall\u00e8s Oriental<\/td>\n<td width=\"342\">Josep Llu\u00eds Herv\u00e0s Santol\u00e0ria<\/td>\n<\/tr>\n<tr>\n<td width=\"323\">Zona de Lleida<\/td>\n<td width=\"342\">Maria Angeles Soria Ruiz<\/td>\n<\/tr>\n<tr>\n<td width=\"323\">Zona de Girona<\/td>\n<td width=\"342\">(vacante)-Secretar\u00eda<\/td>\n<\/tr>\n<tr>\n<td width=\"323\">Zona de Tarragona<\/td>\n<td width=\"342\">Albert Mestres Mart\u00ed<\/td>\n<\/tr>\n<\/tbody>\n<\/table>\n<h4>Vocales de comunidades de Espa\u00f1a<\/h4>\n<table class=\"table table-striped\">\n<tbody>\n<tr>\n<td width=\"201\">REGIONES<\/td>\n<td width=\"197\">VOCAL DE ACTIVIDADES<\/td>\n<td valign=\"top\" width=\"262\">REPRESENTANET TERRITORIAL<\/td>\n<\/tr>\n<tr>\n<td width=\"201\">Andaluc\u00eda<br \/>\nExtremadura<br \/>\nIslas Canarias<\/td>\n<td valign=\"middle\" width=\"197\"><\/td>\n<td valign=\"middle\" width=\"262\">(vacante)-Secretaria<\/td>\n<\/tr>\n<tr>\n<td width=\"201\">Arag\u00f3n<br \/>\nRioja<br \/>\nNavarra<br \/>\nPa\u00eds Vasco<br \/>\nCantabria<br \/>\nAsturias<br \/>\nGalicia<\/td>\n<td valign=\"middle\" width=\"197\"><\/td>\n<td valign=\"middle\" width=\"262\">(vacante)-Secretaria<\/td>\n<\/tr>\n<tr>\n<td width=\"201\">Madrid<br \/>\nCastilla Le\u00f3n<br \/>\nCastilla La Mancha<\/td>\n<td valign=\"middle\" width=\"197\"><\/td>\n<td valign=\"middle\" width=\"262\">(vacante)-Secretaria<\/td>\n<\/tr>\n<tr>\n<td width=\"201\">Valencia<br \/>\nMurcia<br \/>\nIslas Baleares<\/td>\n<td valign=\"middle\" width=\"197\"><\/td>\n<td valign=\"middle\" width=\"262\">Narciso Otero Sanfeliu<\/td>\n<\/tr>\n<\/tbody>\n<\/table>\n","protected":false},"excerpt":{"rendered":"<p>Los siguientes Vocales son los encargados de organizar las actividades que se indican. Si no encuentras ninguna actividad que quieras [&hellip;]<\/p>\n","protected":false},"author":1,"featured_media":0,"parent":0,"menu_order":0,"comment_status":"closed","ping_status":"closed","template":"","meta":{"site-sidebar-layout":"default","site-content-layout":"","ast-site-content-layout":"default","site-content-style":"default","site-sidebar-style":"default","ast-global-header-display":"","ast-banner-title-visibility":"","ast-main-header-display":"","ast-hfb-above-header-display":"","ast-hfb-below-header-display":"","ast-hfb-mobile-header-display":"","site-post-title":"","ast-breadcrumbs-content":"","ast-featured-img":"","footer-sml-layout":"","ast-disable-related-posts":"","theme-transparent-header-meta":"","adv-header-id-meta":"","stick-header-meta":"","header-above-stick-meta":"","header-main-stick-meta":"","header-below-stick-meta":"","astra-migrate-meta-layouts":"default","ast-page-background-enabled":"default","ast-page-background-meta":{"desktop":{"background-color":"var(--ast-global-color-5)","background-image":"","background-repeat":"repeat","background-position":"center center","background-size":"auto","background-attachment":"scroll","background-type":"","background-media":"","overlay-type":"","overlay-color":"","overlay-opacity":"","overlay-gradient":""},"tablet":{"background-color":"","background-image":"","background-repeat":"repeat","background-position":"center center","background-size":"auto","background-attachment":"scroll","background-type":"","background-media":"","overlay-type":"","overlay-color":"","overlay-opacity":"","overlay-gradient":""},"mobile":{"background-color":"","background-image":"","background-repeat":"repeat","background-position":"center center","background-size":"auto","background-attachment":"scroll","background-type":"","background-media":"","overlay-type":"","overlay-color":"","overlay-opacity":"","overlay-gradient":""}},"ast-content-background-meta":{"desktop":{"background-color":"var(--ast-global-color-4)","background-image":"","background-repeat":"repeat","background-position":"center center","background-size":"auto","background-attachment":"scroll","background-type":"","background-media":"","overlay-type":"","overlay-color":"","overlay-opacity":"","overlay-gradient":""},"tablet":{"background-color":"var(--ast-global-color-4)","background-image":"","background-repeat":"repeat","background-position":"center center","background-size":"auto","background-attachment":"scroll","background-type":"","background-media":"","overlay-type":"","overlay-color":"","overlay-opacity":"","overlay-gradient":""},"mobile":{"background-color":"var(--ast-global-color-4)","background-image":"","background-repeat":"repeat","background-position":"center center","background-size":"auto","background-attachment":"scroll","background-type":"","background-media":"","overlay-type":"","overlay-color":"","overlay-opacity":"","overlay-gradient":""}},"footnotes":""},"class_list":["post-107","page","type-page","status-publish","hentry"],"_links":{"self":[{"href":"https:\/\/agrup-st-jordi.cat\/es\/wp-json\/wp\/v2\/pages\/107","targetHints":{"allow":["GET"]}}],"collection":[{"href":"https:\/\/agrup-st-jordi.cat\/es\/wp-json\/wp\/v2\/pages"}],"about":[{"href":"https:\/\/agrup-st-jordi.cat\/es\/wp-json\/wp\/v2\/types\/page"}],"author":[{"embeddable":true,"href":"https:\/\/agrup-st-jordi.cat\/es\/wp-json\/wp\/v2\/users\/1"}],"replies":[{"embeddable":true,"href":"https:\/\/agrup-st-jordi.cat\/es\/wp-json\/wp\/v2\/comments?post=107"}],"version-history":[{"count":9,"href":"https:\/\/agrup-st-jordi.cat\/es\/wp-json\/wp\/v2\/pages\/107\/revisions"}],"predecessor-version":[{"id":327,"href":"https:\/\/agrup-st-jordi.cat\/es\/wp-json\/wp\/v2\/pages\/107\/revisions\/327"}],"wp:attachment":[{"href":"https:\/\/agrup-st-jordi.cat\/es\/wp-json\/wp\/v2\/media?parent=107"}],"curies":[{"name":"wp","href":"https:\/\/api.w.org\/{rel}","templated":true}]}}